{"version":"1.0","provider_name":"Visit A Terra Ch\u00e1","provider_url":"https:\/\/visitaterracha.com\/gl\/","title":"Os Anacos do Bel\u00e9n - Visit A Terra Ch\u00e1","type":"rich","width":600,"height":338,"html":"<blockquote class=\"wp-embedded-content\" data-secret=\"faGgTo8jy7\"><a href=\"https:\/\/visitaterracha.com\/gl\/os-anacos-do-belen\/\">Os Anacos do Bel\u00e9n<\/a><\/blockquote><iframe sandbox=\"allow-scripts\" security=\"restricted\" src=\"https:\/\/visitaterracha.com\/gl\/os-anacos-do-belen\/embed\/#?secret=faGgTo8jy7\" width=\"600\" height=\"338\" title=\"&#8220;Os Anacos do Bel\u00e9n&#8221; &#8212; Visit A Terra Ch\u00e1\" data-secret=\"faGgTo8jy7\" frameborder=\"0\" marginwidth=\"0\" marginheight=\"0\" scrolling=\"no\" class=\"wp-embedded-content\"><\/iframe><script>\n\/*! This file is auto-generated *\/\n!function(d,l){\"use strict\";l.querySelector&&d.addEventListener&&\"undefined\"!=typeof URL&&(d.wp=d.wp||{},d.wp.receiveEmbedMessage||(d.wp.receiveEmbedMessage=function(e){var t=e.data;if((t||t.secret||t.message||t.value)&&!\/[^a-zA-Z0-9]\/.test(t.secret)){for(var s,r,n,a=l.querySelectorAll('iframe[data-secret=\"'+t.secret+'\"]'),o=l.querySelectorAll('blockquote[data-secret=\"'+t.secret+'\"]'),c=new RegExp(\"^https?:$\",\"i\"),i=0;i<o.length;i++)o[i].style.display=\"none\";for(i=0;i<a.length;i++)s=a[i],e.source===s.contentWindow&&(s.removeAttribute(\"style\"),\"height\"===t.message?(1e3<(r=parseInt(t.value,10))?r=1e3:~~r<200&&(r=200),s.height=r):\"link\"===t.message&&(r=new URL(s.getAttribute(\"src\")),n=new URL(t.value),c.test(n.protocol))&&n.host===r.host&&l.activeElement===s&&(d.top.location.href=t.value))}},d.addEventListener(\"message\",d.wp.receiveEmbedMessage,!1),l.addEventListener(\"DOMContentLoaded\",function(){for(var e,t,s=l.querySelectorAll(\"iframe.wp-embedded-content\"),r=0;r<s.length;r++)(t=(e=s[r]).getAttribute(\"data-secret\"))||(t=Math.random().toString(36).substring(2,12),e.src+=\"#?secret=\"+t,e.setAttribute(\"data-secret\",t)),e.contentWindow.postMessage({message:\"ready\",secret:t},\"*\")},!1)))}(window,document);\n\/\/# sourceURL=https:\/\/visitaterracha.com\/wp-includes\/js\/wp-embed.min.js\n<\/script>\n","description":"Ruta dos Anacos do Bel\u00e9n Co\u00f1ece o concello de Begonte a trav\u00e9s da s\u00faa ruta escult\u00f3rica Anacos do Bel\u00e9n. Cada unha das 19 parroquias de Begonte acolle unha gran talla en madeira realizada polo artista C\u00e9sar Lorenzana, creada arredor do universo do Bel\u00e9n e da tradici\u00f3n rural chairega."}